{"id":8131,"date":"2022-03-10T15:55:06","date_gmt":"2022-03-10T15:55:06","guid":{"rendered":"https:\/\/amendeuix-oneix.com\/amendeuix-oneix-2\/"},"modified":"2024-08-13T08:00:09","modified_gmt":"2024-08-13T08:00:09","slug":"amendeuix-oneix-2","status":"publish","type":"page","link":"https:\/\/amendeuix-oneix.com\/eu\/","title":{"rendered":"Amend\u00fcze-Unaso"},"content":{"rendered":"\t\t<div data-elementor-type=\"wp-post\" data-elementor-id=\"8131\" class=\"elementor elementor-8131 elementor-6239\">\n\t\t\t\t\t\t\t\t\t<section class=\"elementor-section elementor-top-section elementor-element elementor-element-3bd08613 elementor-section-full_width elementor-section-height-default elementor-section-height-default\" data-id=\"3bd08613\" data-element_type=\"section\" data-settings=\"{&quot;background_background&quot;:&quot;classic&quot;}\">\n\t\t\t\t\t\t<div class=\"elementor-container elementor-column-gap-no\">\n\t\t\t\t\t<div class=\"elementor-column elementor-col-100 elementor-top-column elementor-element elementor-element-325cfefc\" data-id=\"325cfefc\" data-element_type=\"column\">\n\t\t\t<div class=\"elementor-widget-wrap elementor-element-populated\">\n\t\t\t\t\t\t\t\t<div class=\"elementor-element elementor-element-815118b elementor-widget elementor-widget-text-editor\" data-id=\"815118b\" data-element_type=\"widget\" data-widget_type=\"text-editor.default\">\n\t\t\t\t<div class=\"elementor-widget-container\">\n\t\t\t<style>\/*! elementor - v3.6.0 - 21-03-2022 *\/\n.elementor-widget-text-editor.elementor-drop-cap-view-stacked .elementor-drop-cap{background-color:#818a91;color:#fff}.elementor-widget-text-editor.elementor-drop-cap-view-framed .elementor-drop-cap{color:#818a91;border:3px solid;background-color:transparent}.elementor-widget-text-editor:not(.elementor-drop-cap-view-default) .elementor-drop-cap{margin-top:8px}.elementor-widget-text-editor:not(.elementor-drop-cap-view-default) .elementor-drop-cap-letter{width:1em;height:1em}.elementor-widget-text-editor .elementor-drop-cap{float:left;text-align:center;line-height:1;font-size:50px}.elementor-widget-text-editor .elementor-drop-cap-letter{display:inline-block}<\/style>\t\t\t\t<p>    <div class=\"wpm_eleslider_wrap\">\r\n    \r\n        <img decoding=\"async\" src=\"https:\/\/amendeuix-oneix.com\/wp-content\/plugins\/eleslider\/assets\/images\/tail-spin.svg\" width=\"40\" alt=\"\">\r\n        \r\n        <div class=\"wpm_eleslider loop owl-carousel loading dots_text_\">\r\n    \r\n                        \r\n                                      \r\n                <div class=\"eleinside eleinside_Left\" data-dot=\"Amend\u00fcze-Unaso\">\r\n                    \r\n                                            \r\n                             <a href=\"\" title=\"Amend\u00fcze-Unaso\" >\r\n                             \r\n                                <img loading=\"lazy\" decoding=\"async\" width=\"1920\" height=\"891\" src=\"https:\/\/amendeuix-oneix.com\/wp-content\/uploads\/2023\/11\/amendeuix-oneix.jpg\" class=\"tranz bg_image wp-post-image\" alt=\"\" srcset=\"https:\/\/amendeuix-oneix.com\/wp-content\/uploads\/2023\/11\/amendeuix-oneix.jpg 1920w, https:\/\/amendeuix-oneix.com\/wp-content\/uploads\/2023\/11\/amendeuix-oneix-300x139.jpg 300w, https:\/\/amendeuix-oneix.com\/wp-content\/uploads\/2023\/11\/amendeuix-oneix-1024x475.jpg 1024w, https:\/\/amendeuix-oneix.com\/wp-content\/uploads\/2023\/11\/amendeuix-oneix-768x356.jpg 768w, https:\/\/amendeuix-oneix.com\/wp-content\/uploads\/2023\/11\/amendeuix-oneix-1536x713.jpg 1536w\" sizes=\"(max-width: 1920px) 100vw, 1920px\" \/>                                \r\n                             <\/a>\r\n                        \r\n                                        \r\n                    <div class=\"eleslideinside tranz \">\r\n                    \r\n                        <h2>Amend\u00fcze-Unaso udalaren webgunea.<\/h2>\n<p> Baxe-nafarro Euskal probintziako herria.<\/p>\n                    \r\n                    <\/div>\r\n                            \r\n                <\/div>\r\n                \r\n                        \r\n                                      \r\n                <div class=\"eleinside eleinside_Left\" data-dot=\"Amend\u00fcze-Unaso\">\r\n                    \r\n                                            \r\n                             <a href=\"\" title=\"Amend\u00fcze-Unaso\" >\r\n                             \r\n                                <img loading=\"lazy\" decoding=\"async\" width=\"1920\" height=\"891\" src=\"https:\/\/amendeuix-oneix.com\/wp-content\/uploads\/2023\/11\/amendeuix-oneix-1.jpg\" class=\"tranz bg_image wp-post-image\" alt=\"\" srcset=\"https:\/\/amendeuix-oneix.com\/wp-content\/uploads\/2023\/11\/amendeuix-oneix-1.jpg 1920w, https:\/\/amendeuix-oneix.com\/wp-content\/uploads\/2023\/11\/amendeuix-oneix-1-300x139.jpg 300w, https:\/\/amendeuix-oneix.com\/wp-content\/uploads\/2023\/11\/amendeuix-oneix-1-1024x475.jpg 1024w, https:\/\/amendeuix-oneix.com\/wp-content\/uploads\/2023\/11\/amendeuix-oneix-1-768x356.jpg 768w, https:\/\/amendeuix-oneix.com\/wp-content\/uploads\/2023\/11\/amendeuix-oneix-1-1536x713.jpg 1536w\" sizes=\"(max-width: 1920px) 100vw, 1920px\" \/>                                \r\n                             <\/a>\r\n                        \r\n                                        \r\n                    <div class=\"eleslideinside tranz \">\r\n                    \r\n                        <h2>Amend\u00fcze-Unaso udalaren webgunea.<\/h2>\n<p> Baxe-nafarro Euskal probintziako herria.<\/p>\n                    \r\n                    <\/div>\r\n                            \r\n                <\/div>\r\n                \r\n                        \r\n                                      \r\n                <div class=\"eleinside eleinside_Left\" data-dot=\"Amend\u00fcze-Unaso\">\r\n                    \r\n                                            \r\n                             <a href=\"\" title=\"Amend\u00fcze-Unaso\" >\r\n                             \r\n                                <img loading=\"lazy\" decoding=\"async\" width=\"1920\" height=\"891\" src=\"https:\/\/amendeuix-oneix.com\/wp-content\/uploads\/2023\/11\/amendeuix-oneix-2.jpg\" class=\"tranz bg_image wp-post-image\" alt=\"\" srcset=\"https:\/\/amendeuix-oneix.com\/wp-content\/uploads\/2023\/11\/amendeuix-oneix-2.jpg 1920w, https:\/\/amendeuix-oneix.com\/wp-content\/uploads\/2023\/11\/amendeuix-oneix-2-300x139.jpg 300w, https:\/\/amendeuix-oneix.com\/wp-content\/uploads\/2023\/11\/amendeuix-oneix-2-1024x475.jpg 1024w, https:\/\/amendeuix-oneix.com\/wp-content\/uploads\/2023\/11\/amendeuix-oneix-2-768x356.jpg 768w, https:\/\/amendeuix-oneix.com\/wp-content\/uploads\/2023\/11\/amendeuix-oneix-2-1536x713.jpg 1536w\" sizes=\"(max-width: 1920px) 100vw, 1920px\" \/>                                \r\n                             <\/a>\r\n                        \r\n                                        \r\n                    <div class=\"eleslideinside tranz \">\r\n                    \r\n                        <h2>Amend\u00fcze-Unaso udalaren webgunea.<\/h2>\n<p> Baxe-nafarro Euskal probintziako herria.<\/p>\n                    \r\n                    <\/div>\r\n                            \r\n                <\/div>\r\n                \r\n                        \r\n                                      \r\n                <div class=\"eleinside eleinside_Left\" data-dot=\"Amend\u00fcze-Unaso\">\r\n                    \r\n                                            \r\n                             <a href=\"\" title=\"Amend\u00fcze-Unaso\" >\r\n                             \r\n                                <img loading=\"lazy\" decoding=\"async\" width=\"1920\" height=\"891\" src=\"https:\/\/amendeuix-oneix.com\/wp-content\/uploads\/2018\/09\/amendeuix-oneix-1.jpg\" class=\"tranz bg_image wp-post-image\" alt=\"\" srcset=\"https:\/\/amendeuix-oneix.com\/wp-content\/uploads\/2018\/09\/amendeuix-oneix-1.jpg 1920w, https:\/\/amendeuix-oneix.com\/wp-content\/uploads\/2018\/09\/amendeuix-oneix-1-300x139.jpg 300w, https:\/\/amendeuix-oneix.com\/wp-content\/uploads\/2018\/09\/amendeuix-oneix-1-1024x475.jpg 1024w, https:\/\/amendeuix-oneix.com\/wp-content\/uploads\/2018\/09\/amendeuix-oneix-1-768x356.jpg 768w, https:\/\/amendeuix-oneix.com\/wp-content\/uploads\/2018\/09\/amendeuix-oneix-1-1536x713.jpg 1536w\" sizes=\"(max-width: 1920px) 100vw, 1920px\" \/>                                \r\n                             <\/a>\r\n                        \r\n                                        \r\n                    <div class=\"eleslideinside tranz \">\r\n                    \r\n                        <h2>Amend\u00fcze-Unaso udalaren webgunea.<\/h2>\n<p> Baxe-nafarro Euskal probintziako herria.<\/p>\n                    \r\n                    <\/div>\r\n                            \r\n                <\/div>\r\n                \r\n                        \r\n                                      \r\n                <div class=\"eleinside eleinside_Left\" data-dot=\"Amend\u00fcze-Unaso\">\r\n                    \r\n                                            \r\n                             <a href=\"\" title=\"Amend\u00fcze-Unaso\" >\r\n                             \r\n                                <img loading=\"lazy\" decoding=\"async\" width=\"1920\" height=\"891\" src=\"https:\/\/amendeuix-oneix.com\/wp-content\/uploads\/2018\/09\/amendeuix-oneix-4.jpg\" class=\"tranz bg_image wp-post-image\" alt=\"\" srcset=\"https:\/\/amendeuix-oneix.com\/wp-content\/uploads\/2018\/09\/amendeuix-oneix-4.jpg 1920w, https:\/\/amendeuix-oneix.com\/wp-content\/uploads\/2018\/09\/amendeuix-oneix-4-300x139.jpg 300w, https:\/\/amendeuix-oneix.com\/wp-content\/uploads\/2018\/09\/amendeuix-oneix-4-1024x475.jpg 1024w, https:\/\/amendeuix-oneix.com\/wp-content\/uploads\/2018\/09\/amendeuix-oneix-4-768x356.jpg 768w, https:\/\/amendeuix-oneix.com\/wp-content\/uploads\/2018\/09\/amendeuix-oneix-4-1536x713.jpg 1536w\" sizes=\"(max-width: 1920px) 100vw, 1920px\" \/>                                \r\n                             <\/a>\r\n                        \r\n                                        \r\n                    <div class=\"eleslideinside tranz \">\r\n                    \r\n                        <h2 class=\"dekoline dekoline_large\">Amend\u00fcze-Unaso udalaren webgunea.<\/h2>\n<p> Baxe-nafarro Euskal probintziako herria.<\/p>\n                    \r\n                    <\/div>\r\n                            \r\n                <\/div>\r\n                \r\n                \r\n        \r\n  \r\n        \r\n        <\/div>\r\n    <\/div> \r\n    <div class=\"clearfix\"><\/div>\r\n    \t<\/p>\n\t\t\t\t\t\t<\/div>\n\t\t\t\t<\/div>\n\t\t\t\t\t<\/div>\n\t\t<\/div>\n\t\t\t\t\t\t\t<\/div>\n\t\t<\/section>\n\t\t\t\t<section class=\"elementor-section elementor-top-section elementor-element elementor-element-1d93501a elementor-section-boxed elementor-section-height-default elementor-section-height-default\" data-id=\"1d93501a\" data-element_type=\"section\" data-settings=\"{&quot;background_background&quot;:&quot;gradient&quot;}\">\n\t\t\t\t\t\t<div class=\"elementor-container elementor-column-gap-wider\">\n\t\t\t\t\t<div class=\"elementor-column elementor-col-25 elementor-top-column elementor-element elementor-element-5f07200d\" data-id=\"5f07200d\" data-element_type=\"column\" data-settings=\"{&quot;background_background&quot;:&quot;classic&quot;}\">\n\t\t\t<div class=\"elementor-widget-wrap elementor-element-populated\">\n\t\t\t\t\t\t\t\t<div class=\"elementor-element elementor-element-3d6a9632 elementor-widget elementor-widget-image\" data-id=\"3d6a9632\" data-element_type=\"widget\" data-widget_type=\"image.default\">\n\t\t\t\t<div class=\"elementor-widget-container\">\n\t\t\t<style>\/*! elementor - v3.6.0 - 21-03-2022 *\/\n.elementor-widget-image{text-align:center}.elementor-widget-image a{display:inline-block}.elementor-widget-image a img[src$=\".svg\"]{width:48px}.elementor-widget-image img{vertical-align:middle;display:inline-block}<\/style>\t\t\t\t\t\t\t\t\t\t\t\t\t<a href=\"https:\/\/amendeuix-oneix.com\/vie-economique\/\">\n\t\t\t\t\t\t\t<img loading=\"lazy\" decoding=\"async\" width=\"64\" height=\"64\" src=\"https:\/\/amendeuix-oneix.com\/wp-content\/uploads\/2018\/09\/monument.png\" class=\"attachment-large size-large\" alt=\"Facility Hours\" \/>\t\t\t\t\t\t\t\t<\/a>\n\t\t\t\t\t\t\t\t\t\t\t\t\t\t\t<\/div>\n\t\t\t\t<\/div>\n\t\t\t\t<div class=\"elementor-element elementor-element-401dffc9 elementor-widget elementor-widget-heading\" data-id=\"401dffc9\" data-element_type=\"widget\" data-widget_type=\"heading.default\">\n\t\t\t\t<div class=\"elementor-widget-container\">\n\t\t\t<style>\/*! elementor - v3.6.0 - 21-03-2022 *\/\n.elementor-heading-title{padding:0;margin:0;line-height:1}.elementor-widget-heading .elementor-heading-title[class*=elementor-size-]>a{color:inherit;font-size:inherit;line-height:inherit}.elementor-widget-heading .elementor-heading-title.elementor-size-small{font-size:15px}.elementor-widget-heading .elementor-heading-title.elementor-size-medium{font-size:19px}.elementor-widget-heading .elementor-heading-title.elementor-size-large{font-size:29px}.elementor-widget-heading .elementor-heading-title.elementor-size-xl{font-size:39px}.elementor-widget-heading .elementor-heading-title.elementor-size-xxl{font-size:59px}<\/style><h3 class=\"elementor-heading-title elementor-size-default\"><a href=\"https:\/\/amendeuix-oneix.com\/vie-economique\/\">Bizitza ekonomikoa<\/a><\/h3>\t\t<\/div>\n\t\t\t\t<\/div>\n\t\t\t\t<div class=\"elementor-element elementor-element-39e0c47f elementor-widget elementor-widget-text-editor\" data-id=\"39e0c47f\" data-element_type=\"widget\" data-widget_type=\"text-editor.default\">\n\t\t\t\t<div class=\"elementor-widget-container\">\n\t\t\t\t\t\t\t<p>Herriko negozio guztiak.<\/p>\n\t\t\t\t\t\t<\/div>\n\t\t\t\t<\/div>\n\t\t\t\t\t<\/div>\n\t\t<\/div>\n\t\t\t\t<div class=\"elementor-column elementor-col-25 elementor-top-column elementor-element elementor-element-3858d0f3\" data-id=\"3858d0f3\" data-element_type=\"column\" data-settings=\"{&quot;background_background&quot;:&quot;classic&quot;}\">\n\t\t\t<div class=\"elementor-widget-wrap elementor-element-populated\">\n\t\t\t\t\t\t\t\t<div class=\"elementor-element elementor-element-72bfd8d0 elementor-widget elementor-widget-image\" data-id=\"72bfd8d0\" data-element_type=\"widget\" data-widget_type=\"image.default\">\n\t\t\t\t<div class=\"elementor-widget-container\">\n\t\t\t\t\t\t\t\t\t\t\t\t\t\t\t\t<a href=\"https:\/\/amendeuix-oneix.com\/vie-associative\/\">\n\t\t\t\t\t\t\t<img loading=\"lazy\" decoding=\"async\" width=\"64\" height=\"64\" src=\"https:\/\/amendeuix-oneix.com\/wp-content\/uploads\/2018\/09\/bus.png\" class=\"attachment-large size-large\" alt=\"Public Traffic\" \/>\t\t\t\t\t\t\t\t<\/a>\n\t\t\t\t\t\t\t\t\t\t\t\t\t\t\t<\/div>\n\t\t\t\t<\/div>\n\t\t\t\t<div class=\"elementor-element elementor-element-7ba588f1 elementor-widget elementor-widget-heading\" data-id=\"7ba588f1\" data-element_type=\"widget\" data-widget_type=\"heading.default\">\n\t\t\t\t<div class=\"elementor-widget-container\">\n\t\t\t<h3 class=\"elementor-heading-title elementor-size-default\"><a href=\"https:\/\/amendeuix-oneix.com\/vie-associative\/\">Bizitza komunitarioa<\/a><\/h3>\t\t<\/div>\n\t\t\t\t<\/div>\n\t\t\t\t<div class=\"elementor-element elementor-element-69f092ce elementor-widget elementor-widget-text-editor\" data-id=\"69f092ce\" data-element_type=\"widget\" data-widget_type=\"text-editor.default\">\n\t\t\t\t<div class=\"elementor-widget-container\">\n\t\t\t\t\t\t\t<p>Elkarte guztien zerrenda.<\/p>\n\t\t\t\t\t\t<\/div>\n\t\t\t\t<\/div>\n\t\t\t\t\t<\/div>\n\t\t<\/div>\n\t\t\t\t<div class=\"elementor-column elementor-col-25 elementor-top-column elementor-element elementor-element-32f6784e\" data-id=\"32f6784e\" data-element_type=\"column\" data-settings=\"{&quot;background_background&quot;:&quot;classic&quot;}\">\n\t\t\t<div class=\"elementor-widget-wrap elementor-element-populated\">\n\t\t\t\t\t\t\t\t<div class=\"elementor-element elementor-element-28d20957 elementor-widget elementor-widget-image\" data-id=\"28d20957\" data-element_type=\"widget\" data-widget_type=\"image.default\">\n\t\t\t\t<div class=\"elementor-widget-container\">\n\t\t\t\t\t\t\t\t\t\t\t\t\t\t\t\t<a href=\"https:\/\/amendeuix-oneix.com\/deliberations-du-conseil\/\">\n\t\t\t\t\t\t\t<img loading=\"lazy\" decoding=\"async\" width=\"64\" height=\"64\" src=\"https:\/\/amendeuix-oneix.com\/wp-content\/uploads\/2018\/09\/bench.png\" class=\"attachment-large size-large\" alt=\"Park and Recreations\" \/>\t\t\t\t\t\t\t\t<\/a>\n\t\t\t\t\t\t\t\t\t\t\t\t\t\t\t<\/div>\n\t\t\t\t<\/div>\n\t\t\t\t<div class=\"elementor-element elementor-element-3c089bfa elementor-widget elementor-widget-heading\" data-id=\"3c089bfa\" data-element_type=\"widget\" data-widget_type=\"heading.default\">\n\t\t\t\t<div class=\"elementor-widget-container\">\n\t\t\t<h3 class=\"elementor-heading-title elementor-size-default\"><a href=\"https:\/\/amendeuix-oneix.com\/deliberations-du-conseil\/\">Udal informazioa<\/a><\/h3>\t\t<\/div>\n\t\t\t\t<\/div>\n\t\t\t\t<div class=\"elementor-element elementor-element-58aad56e elementor-widget elementor-widget-text-editor\" data-id=\"58aad56e\" data-element_type=\"widget\" data-widget_type=\"text-editor.default\">\n\t\t\t\t<div class=\"elementor-widget-container\">\n\t\t\t\t\t\t\t<p>Txostenak eta harremanetarako buletinak.<\/p>\n\t\t\t\t\t\t<\/div>\n\t\t\t\t<\/div>\n\t\t\t\t\t<\/div>\n\t\t<\/div>\n\t\t\t\t<div class=\"elementor-column elementor-col-25 elementor-top-column elementor-element elementor-element-7a28baf1\" data-id=\"7a28baf1\" data-element_type=\"column\" data-settings=\"{&quot;background_background&quot;:&quot;classic&quot;}\">\n\t\t\t<div class=\"elementor-widget-wrap elementor-element-populated\">\n\t\t\t\t\t\t\t\t<div class=\"elementor-element elementor-element-3f5df4d2 elementor-widget elementor-widget-image\" data-id=\"3f5df4d2\" data-element_type=\"widget\" data-widget_type=\"image.default\">\n\t\t\t\t<div class=\"elementor-widget-container\">\n\t\t\t\t\t\t\t\t\t\t\t\t\t\t\t\t<a href=\"https:\/\/amendeuix-oneix.com\/agenda-de-prise-de-rendez-vous\/\">\n\t\t\t\t\t\t\t<img loading=\"lazy\" decoding=\"async\" width=\"64\" height=\"64\" src=\"https:\/\/amendeuix-oneix.com\/wp-content\/uploads\/2018\/09\/exam.png\" class=\"attachment-large size-large\" alt=\"Job Listings\" \/>\t\t\t\t\t\t\t\t<\/a>\n\t\t\t\t\t\t\t\t\t\t\t\t\t\t\t<\/div>\n\t\t\t\t<\/div>\n\t\t\t\t<div class=\"elementor-element elementor-element-67d590e1 elementor-widget elementor-widget-heading\" data-id=\"67d590e1\" data-element_type=\"widget\" data-widget_type=\"heading.default\">\n\t\t\t\t<div class=\"elementor-widget-container\">\n\t\t\t<h3 class=\"elementor-heading-title elementor-size-default\"><a href=\"https:\/\/amendeuix-oneix.com\/agenda-de-prise-de-rendez-vous\/\">Hartu hitzordua<\/a><\/h3>\t\t<\/div>\n\t\t\t\t<\/div>\n\t\t\t\t<div class=\"elementor-element elementor-element-21f6829c elementor-widget elementor-widget-text-editor\" data-id=\"21f6829c\" data-element_type=\"widget\" data-widget_type=\"text-editor.default\">\n\t\t\t\t<div class=\"elementor-widget-container\">\n\t\t\t\t\t\t\t<p>Hitzordua eskatu Amend\u00fcze-Unaso udaletxean.<\/p>\n\t\t\t\t\t\t<\/div>\n\t\t\t\t<\/div>\n\t\t\t\t\t<\/div>\n\t\t<\/div>\n\t\t\t\t\t\t\t<\/div>\n\t\t<\/section>\n\t\t\t\t<section class=\"elementor-section elementor-top-section elementor-element elementor-element-60694fed elementor-section-boxed elementor-section-height-default elementor-section-height-default\" data-id=\"60694fed\" data-element_type=\"section\" data-settings=\"{&quot;background_background&quot;:&quot;classic&quot;}\">\n\t\t\t\t\t\t<div class=\"elementor-container elementor-column-gap-no\">\n\t\t\t\t\t<div class=\"elementor-column elementor-col-50 elementor-top-column elementor-element elementor-element-3222d4a2\" data-id=\"3222d4a2\" data-element_type=\"column\">\n\t\t\t<div class=\"elementor-widget-wrap elementor-element-populated\">\n\t\t\t\t\t\t\t\t<section class=\"elementor-section elementor-inner-section elementor-element elementor-element-1498c132 elementor-section-content-middle elementor-section-boxed elementor-section-height-default elementor-section-height-default\" data-id=\"1498c132\" data-element_type=\"section\">\n\t\t\t\t\t\t<div class=\"elementor-container elementor-column-gap-default\">\n\t\t\t\t\t<div class=\"elementor-column elementor-col-100 elementor-inner-column elementor-element elementor-element-f7e49b4\" data-id=\"f7e49b4\" data-element_type=\"column\">\n\t\t\t<div class=\"elementor-widget-wrap elementor-element-populated\">\n\t\t\t\t\t\t\t\t<div class=\"elementor-element elementor-element-2c7ada81 dekoline elementor-widget elementor-widget-heading\" data-id=\"2c7ada81\" data-element_type=\"widget\" data-widget_type=\"heading.default\">\n\t\t\t\t<div class=\"elementor-widget-container\">\n\t\t\t<h1 class=\"elementor-heading-title elementor-size-xl\">Amend\u00fcze-Unaso<\/h1>\t\t<\/div>\n\t\t\t\t<\/div>\n\t\t\t\t<div class=\"elementor-element elementor-element-3b08300c elementor-widget elementor-widget-text-editor\" data-id=\"3b08300c\" data-element_type=\"widget\" data-widget_type=\"text-editor.default\">\n\t\t\t\t<div class=\"elementor-widget-container\">\n\t\t\t\t\t\t\t<p><span style=\"font-weight: 400;\">Gure herriak bere iraganera itzultzen gaituen ondarea du. Ondare ondare honen inbentarioa berriki egin da, ondasun publikoak daude, hala nola elizak, Errotako errepideko Joye gaineko zubia eta jabetza pribatuak: izaera handiko etxeak, balio historiko jakineko leku pintoreskoak eta gure iraganaren lekukoak&#8230;<\/span><\/p>\n\t\t\t\t\t\t<\/div>\n\t\t\t\t<\/div>\n\t\t\t\t<div class=\"elementor-element elementor-element-7acdf5 elementor-widget elementor-widget-text-editor\" data-id=\"7acdf5\" data-element_type=\"widget\" data-widget_type=\"text-editor.default\">\n\t\t\t\t<div class=\"elementor-widget-container\">\n\t\t\t\t\t\t\t<p><span style=\"font-weight: 400;\">Inbentario hau Herriko Etxean eskuragarria da; oro har, ondare hau hurbilerrexa da eta ikustea balio du.<\/span><\/p>\n\t\t\t\t\t\t<\/div>\n\t\t\t\t<\/div>\n\t\t\t\t<div class=\"elementor-element elementor-element-2d7fbcee elementor-widget elementor-widget-button\" data-id=\"2d7fbcee\" data-element_type=\"widget\" data-widget_type=\"button.default\">\n\t\t\t\t<div class=\"elementor-widget-container\">\n\t\t\t\t\t<div class=\"elementor-button-wrapper\">\n\t\t\t<a href=\"https:\/\/amendeuix-oneix.com\/le-village\/\" class=\"elementor-button-link elementor-button elementor-size-sm\" role=\"button\">\n\t\t\t\t\t\t<span class=\"elementor-button-content-wrapper\">\n\t\t\t\t\t\t\t<span class=\"elementor-button-icon elementor-align-icon-right\">\n\t\t\t\t<i aria-hidden=\"true\" class=\"fas fa-long-arrow-alt-right\"><\/i>\t\t\t<\/span>\n\t\t\t\t\t\t<span class=\"elementor-button-text\">Ezagutu herria<\/span>\n\t\t<\/span>\n\t\t\t\t\t<\/a>\n\t\t<\/div>\n\t\t\t\t<\/div>\n\t\t\t\t<\/div>\n\t\t\t\t\t<\/div>\n\t\t<\/div>\n\t\t\t\t\t\t\t<\/div>\n\t\t<\/section>\n\t\t\t\t\t<\/div>\n\t\t<\/div>\n\t\t\t\t<div class=\"elementor-column elementor-col-50 elementor-top-column elementor-element elementor-element-326b7547\" data-id=\"326b7547\" data-element_type=\"column\">\n\t\t\t<div class=\"elementor-widget-wrap elementor-element-populated\">\n\t\t\t\t\t\t\t\t<div class=\"elementor-element elementor-element-a08efe2 elementor-widget elementor-widget-image-carousel\" data-id=\"a08efe2\" data-element_type=\"widget\" data-settings=\"{&quot;slides_to_show&quot;:&quot;1&quot;,&quot;navigation&quot;:&quot;none&quot;,&quot;effect&quot;:&quot;fade&quot;,&quot;autoplay&quot;:&quot;yes&quot;,&quot;pause_on_hover&quot;:&quot;yes&quot;,&quot;pause_on_interaction&quot;:&quot;yes&quot;,&quot;autoplay_speed&quot;:5000,&quot;infinite&quot;:&quot;yes&quot;,&quot;speed&quot;:500}\" data-widget_type=\"image-carousel.default\">\n\t\t\t\t<div class=\"elementor-widget-container\">\n\t\t\t<style>\/*! elementor - v3.6.0 - 21-03-2022 *\/\n.elementor-widget-image-carousel .swiper-container{position:static}.elementor-widget-image-carousel .swiper-container .swiper-slide figure{line-height:inherit}.elementor-widget-image-carousel .swiper-slide{text-align:center}.elementor-image-carousel-wrapper:not(.swiper-container-initialized) .swiper-slide{max-width:calc(100% \/ var(--e-image-carousel-slides-to-show, 3))}<\/style>\t\t<div class=\"elementor-image-carousel-wrapper swiper-container\" dir=\"ltr\">\n\t\t\t<div class=\"elementor-image-carousel swiper-wrapper\">\n\t\t\t\t\t\t\t\t<div class=\"swiper-slide\"><figure class=\"swiper-slide-inner\"><img decoding=\"async\" class=\"swiper-slide-image\" src=\"https:\/\/amendeuix-oneix.com\/wp-content\/uploads\/elementor\/thumbs\/amendeuix-oneix8-pmobxt5bpfdleowns5obbzyul6ayn5uxhu0ntnhiho.jpg\" alt=\"Amendeuix-oneix\" \/><\/figure><\/div><div class=\"swiper-slide\"><figure class=\"swiper-slide-inner\"><img decoding=\"async\" class=\"swiper-slide-image\" src=\"https:\/\/amendeuix-oneix.com\/wp-content\/uploads\/elementor\/thumbs\/amendeuix-oneix6-pmobxr9nbrb0rgze34v270fxeek87rngtkpov3kau4.jpg\" alt=\"Amendeuix-oneix\" \/><\/figure><\/div><div class=\"swiper-slide\"><figure class=\"swiper-slide-inner\"><img decoding=\"async\" class=\"swiper-slide-image\" src=\"https:\/\/amendeuix-oneix.com\/wp-content\/uploads\/elementor\/thumbs\/amendeuix-oneix9-pmobxu35w9evqavamo2xwhqb6k6buuyntyo5axg4bg.jpg\" alt=\"Amendeuix-oneix\" \/><\/figure><\/div><div class=\"swiper-slide\"><figure class=\"swiper-slide-inner\"><img decoding=\"async\" class=\"swiper-slide-image\" src=\"https:\/\/amendeuix-oneix.com\/wp-content\/uploads\/elementor\/thumbs\/amendeuix-oneix7-pmobxs7hilcb32y0xn9ori7dzsflfgr75pd6cdiwnw.jpg\" alt=\"Amendeuix-oneix\" \/><\/figure><\/div><div class=\"swiper-slide\"><figure class=\"swiper-slide-inner\"><img decoding=\"async\" class=\"swiper-slide-image\" src=\"https:\/\/amendeuix-oneix.com\/wp-content\/uploads\/elementor\/thumbs\/amendeuix-oneix3-pmobxog4r975sn3hjln6hj5jm8y4koc9t6r8f9ohcs.jpg\" alt=\"Amendeuix-oneix\" \/><\/figure><\/div><div class=\"swiper-slide\"><figure class=\"swiper-slide-inner\"><img decoding=\"async\" class=\"swiper-slide-image\" src=\"https:\/\/amendeuix-oneix.com\/wp-content\/uploads\/elementor\/thumbs\/amendeuix-oneix3-plo2bur93z8sh3vb6sxtya1cdeyjlicrnr5w73r5cs.jpg\" alt=\"amendeuix-oneix3\" \/><\/figure><\/div><div class=\"swiper-slide\"><figure class=\"swiper-slide-inner\"><img decoding=\"async\" class=\"swiper-slide-image\" src=\"https:\/\/amendeuix-oneix.com\/wp-content\/uploads\/elementor\/thumbs\/amendeuix-oneix2-1-pmobxmkgdl4l5f67uktxcjmmfh7e5a4t4xg9gpr9p8.jpg\" alt=\"Amendeuix-oneix\" \/><\/figure><\/div><div class=\"swiper-slide\"><figure class=\"swiper-slide-inner\"><img decoding=\"async\" class=\"swiper-slide-image\" src=\"https:\/\/amendeuix-oneix.com\/wp-content\/uploads\/elementor\/thumbs\/amendeuix-oneix4-pmobxpdyy38g4924e41t20x07mthsdg05bepwjn36k.jpg\" alt=\"Amendeuix-oneix\" \/><\/figure><\/div>\t\t\t<\/div>\n\t\t\t\t\t\t\t\t\t\t\t\t\t\t\t\t<\/div>\n\t\t\t\t<\/div>\n\t\t\t\t<\/div>\n\t\t\t\t<div class=\"elementor-element elementor-element-1b768d3f elementor-widget elementor-widget-image\" data-id=\"1b768d3f\" data-element_type=\"widget\" data-widget_type=\"image.default\">\n\t\t\t\t<div class=\"elementor-widget-container\">\n\t\t\t\t\t\t\t\t\t\t\t\t\t\t\t<img decoding=\"async\" src=\"https:\/\/amendeuix-oneix.com\/wp-content\/uploads\/2022\/03\/amendeuix-oneix-2.jpg\" title=\"amendeuix-oneix\" alt=\"Amendeuix-oneix\" \/>\t\t\t\t\t\t\t\t\t\t\t\t\t\t\t<\/div>\n\t\t\t\t<\/div>\n\t\t\t\t\t<\/div>\n\t\t<\/div>\n\t\t\t\t\t\t\t<\/div>\n\t\t<\/section>\n\t\t\t\t<section class=\"elementor-section elementor-top-section elementor-element elementor-element-6fab7117 elementor-section-boxed elementor-section-height-default elementor-section-height-default\" data-id=\"6fab7117\" data-element_type=\"section\" data-settings=\"{&quot;background_background&quot;:&quot;classic&quot;}\">\n\t\t\t\t\t\t<div class=\"elementor-container elementor-column-gap-wide\">\n\t\t\t\t\t<div class=\"elementor-column elementor-col-50 elementor-top-column elementor-element elementor-element-343a9740\" data-id=\"343a9740\" data-element_type=\"column\">\n\t\t\t<div class=\"elementor-widget-wrap elementor-element-populated\">\n\t\t\t\t\t\t\t\t<section class=\"elementor-section elementor-inner-section elementor-element elementor-element-15c53bc6 elementor-section-content-top elementor-section-boxed elementor-section-height-default elementor-section-height-default\" data-id=\"15c53bc6\" data-element_type=\"section\">\n\t\t\t\t\t\t<div class=\"elementor-container elementor-column-gap-no\">\n\t\t\t\t\t<div class=\"elementor-column elementor-col-100 elementor-inner-column elementor-element elementor-element-5513d87d\" data-id=\"5513d87d\" data-element_type=\"column\">\n\t\t\t<div class=\"elementor-widget-wrap elementor-element-populated\">\n\t\t\t\t\t\t\t\t<div class=\"elementor-element elementor-element-4c2cb6b5 elementor-widget elementor-widget-heading\" data-id=\"4c2cb6b5\" data-element_type=\"widget\" data-widget_type=\"heading.default\">\n\t\t\t\t<div class=\"elementor-widget-container\">\n\t\t\t<h2 class=\"elementor-heading-title elementor-size-xl\">Ongi etorri gure gunera, gure herri jator eta beroaren isla digitala!  <\/h2>\t\t<\/div>\n\t\t\t\t<\/div>\n\t\t\t\t<div class=\"elementor-element elementor-element-7a77293 elementor-widget elementor-widget-text-editor\" data-id=\"7a77293\" data-element_type=\"widget\" data-widget_type=\"text-editor.default\">\n\t\t\t\t<div class=\"elementor-widget-container\">\n\t\t\t\t\t\t\t<p>Stephane Poisson, herriko alkatea<\/p>\n\t\t\t\t\t\t<\/div>\n\t\t\t\t<\/div>\n\t\t\t\t\t<\/div>\n\t\t<\/div>\n\t\t\t\t\t\t\t<\/div>\n\t\t<\/section>\n\t\t\t\t\t<\/div>\n\t\t<\/div>\n\t\t\t\t<div class=\"elementor-column elementor-col-50 elementor-top-column elementor-element elementor-element-5d9e105b\" data-id=\"5d9e105b\" data-element_type=\"column\">\n\t\t\t<div class=\"elementor-widget-wrap elementor-element-populated\">\n\t\t\t\t\t\t\t\t<div class=\"elementor-element elementor-element-529567e elementor-widget elementor-widget-image\" data-id=\"529567e\" data-element_type=\"widget\" data-widget_type=\"image.default\">\n\t\t\t\t<div class=\"elementor-widget-container\">\n\t\t\t\t\t\t\t\t\t\t\t\t\t\t\t<img loading=\"lazy\" decoding=\"async\" width=\"516\" height=\"580\" src=\"https:\/\/amendeuix-oneix.com\/wp-content\/uploads\/2023\/06\/amendeuix-oneix-accueil-1.jpg\" class=\"attachment-large size-large\" alt=\"Amendeuix-oneix\" srcset=\"https:\/\/amendeuix-oneix.com\/wp-content\/uploads\/2023\/06\/amendeuix-oneix-accueil-1.jpg 516w, https:\/\/amendeuix-oneix.com\/wp-content\/uploads\/2023\/06\/amendeuix-oneix-accueil-1-267x300.jpg 267w\" sizes=\"(max-width: 516px) 100vw, 516px\" \/>\t\t\t\t\t\t\t\t\t\t\t\t\t\t\t<\/div>\n\t\t\t\t<\/div>\n\t\t\t\t\t<\/div>\n\t\t<\/div>\n\t\t\t\t\t\t\t<\/div>\n\t\t<\/section>\n\t\t\t\t<section class=\"elementor-section elementor-top-section elementor-element elementor-element-2fe59441 elementor-section-boxed elementor-section-height-default elementor-section-height-default\" data-id=\"2fe59441\" data-element_type=\"section\" id=\"content_start\" data-settings=\"{&quot;background_background&quot;:&quot;classic&quot;}\">\n\t\t\t\t\t\t<div class=\"elementor-container elementor-column-gap-no\">\n\t\t\t\t\t<div class=\"elementor-column elementor-col-33 elementor-top-column elementor-element elementor-element-2e1566bc\" data-id=\"2e1566bc\" data-element_type=\"column\">\n\t\t\t<div class=\"elementor-widget-wrap elementor-element-populated\">\n\t\t\t\t\t\t\t\t<div class=\"elementor-element elementor-element-729d0dc5 elementor-widget elementor-widget-heading\" data-id=\"729d0dc5\" data-element_type=\"widget\" data-widget_type=\"heading.default\">\n\t\t\t\t<div class=\"elementor-widget-container\">\n\t\t\t<h3 class=\"elementor-heading-title elementor-size-xl\">Amend\u00fcze-Unasoko azken berriak<\/h3>\t\t<\/div>\n\t\t\t\t<\/div>\n\t\t\t\t\t<\/div>\n\t\t<\/div>\n\t\t\t\t<div class=\"elementor-column elementor-col-66 elementor-top-column elementor-element elementor-element-177499e9\" data-id=\"177499e9\" data-element_type=\"column\" data-settings=\"{&quot;background_background&quot;:&quot;classic&quot;}\">\n\t\t\t<div class=\"elementor-widget-wrap elementor-element-populated\">\n\t\t\t\t\t\t\t\t<div class=\"elementor-element elementor-element-1d35bb97 elementor-widget elementor-widget-heading\" data-id=\"1d35bb97\" data-element_type=\"widget\" data-widget_type=\"heading.default\">\n\t\t\t\t<div class=\"elementor-widget-container\">\n\t\t\t<h2 class=\"elementor-heading-title elementor-size-xl\">Berriak<\/h2>\t\t<\/div>\n\t\t\t\t<\/div>\n\t\t\t\t<div class=\"elementor-element elementor-element-4b47e334 dekoline elementor-widget elementor-widget-heading\" data-id=\"4b47e334\" data-element_type=\"widget\" data-widget_type=\"heading.default\">\n\t\t\t\t<div class=\"elementor-widget-container\">\n\t\t\t<h3 class=\"elementor-heading-title elementor-size-default\">Herriko azken berriak<\/h3>\t\t<\/div>\n\t\t\t\t<\/div>\n\t\t\t\t<div class=\"elementor-element elementor-element-283e21ae elementor-widget elementor-widget-wp-widget-citygov_blog_list\" data-id=\"283e21ae\" data-element_type=\"widget\" data-widget_type=\"wp-widget-citygov_blog_list.default\">\n\t\t\t\t<div class=\"elementor-widget-container\">\n\t\t\t\t\t\r\n\t\t\t\t\r\n        \t            \r\n\t\t\t            <div class=\"front_blogger\">\r\n\t\t\t\r\n                            <div class=\"item front_post tranz p-border post-9243 post type-post status-publish format-standard has-post-thumbnail hentry category-acutalites-eu\"> \r\n\r\n\t    \r\n        <div class=\"imgwrap\">\r\n            \r\n              <img loading=\"lazy\" decoding=\"async\" width=\"150\" height=\"150\" src=\"https:\/\/amendeuix-oneix.com\/wp-content\/uploads\/2024\/04\/8mai1945-1200x630-1-150x150.jpg\" class=\"grayscale grayscale-fade wp-post-image\" alt=\"\" \/>        \r\n        <\/div>\r\n         \r\n            \r\n    <h3><a href=\"https:\/\/amendeuix-oneix.com\/eu\/commemoration-de-la-victoire-du-8-mai-1945-3\/\">Comm\u00e9moration de la Victoire du 8 mai 1945<\/a><\/h3>\r\n    \r\n\t    \r\n\t\t<p class=\"meta tmnf_hide\">\r\n\t\t\t<span class=\"post-date\">20 Apirila 2026<span class=\"divider\">|<\/span><\/span>\r\n\t\t\t<span class=\"categs\"><a href=\"https:\/\/amendeuix-oneix.com\/eu\/category\/acutalites-eu\/\" rel=\"category tag\">Berriak<\/a><\/span>\r\n\t\t<\/p>\r\n\t    \r\n    <p class=\"teaser\">Cette ann\u00e9e, la c\u00e9r\u00e9monie de Comm\u00e9moration de la Victoire du 8 mai 1945 aura lieu sur la commune de GABAT le mercredi 8 mai 2024. Au<span class=\"helip\">...<\/span>   \r\n\t\t<a class=\"read_more\" href=\"https:\/\/amendeuix-oneix.com\/eu\/commemoration-de-la-victoire-du-8-mai-1945-3\/\">Irakurtu <span class=\"read_more_arrow\">&rarr;<\/span> <span class=\"screen-reader-text\">Comm\u00e9moration de la Victoire du 8 mai 1945<\/span><\/a>\r\n\t<\/p>\r\n\r\n<\/div>\r\n\t\t\t\r\n                            <div class=\"item front_post tranz p-border post-9082 post type-post status-publish format-standard has-post-thumbnail hentry category-animation-eu category-associations-eu\"> \r\n\r\n\t    \r\n        <div class=\"imgwrap\">\r\n            \r\n              <img loading=\"lazy\" decoding=\"async\" width=\"150\" height=\"150\" src=\"https:\/\/amendeuix-oneix.com\/wp-content\/uploads\/2024\/03\/a35d7431b735a80b40cb6f41f7f2adf8-150x150.jpg\" class=\"grayscale grayscale-fade wp-post-image\" alt=\"\" \/>        \r\n        <\/div>\r\n         \r\n            \r\n    <h3><a href=\"https:\/\/amendeuix-oneix.com\/eu\/repas-des-chasseurs-3\/\">Repas des chasseurs<\/a><\/h3>\r\n    \r\n\t    \r\n\t\t<p class=\"meta tmnf_hide\">\r\n\t\t\t<span class=\"post-date\">27 Otsaila 2026<span class=\"divider\">|<\/span><\/span>\r\n\t\t\t<span class=\"categs\"><a href=\"https:\/\/amendeuix-oneix.com\/eu\/category\/animation-eu\/\" rel=\"category tag\">Animazioa<\/a>, <a href=\"https:\/\/amendeuix-oneix.com\/eu\/category\/associations-eu\/\" rel=\"category tag\">Elkarte<\/a><\/span>\r\n\t\t<\/p>\r\n\t    \r\n    <p class=\"teaser\">L&#8217;ACCA d&#8217;Amendeuix-Oneix organise un repas le 6 avril 2024 \u00e0 midi \u00e0 la salle communale DENENDAKO. Une participation de 20 \u20ac<span class=\"helip\">...<\/span>   \r\n\t\t<a class=\"read_more\" href=\"https:\/\/amendeuix-oneix.com\/eu\/repas-des-chasseurs-3\/\">Irakurtu <span class=\"read_more_arrow\">&rarr;<\/span> <span class=\"screen-reader-text\">Repas des chasseurs<\/span><\/a>\r\n\t<\/p>\r\n\r\n<\/div>\r\n\t\t\t\r\n                            <div class=\"item front_post tranz p-border post-9011 post type-post status-publish format-standard has-post-thumbnail hentry category-acutalites-eu\"> \r\n\r\n\t    \r\n        <div class=\"imgwrap\">\r\n            \r\n              <img loading=\"lazy\" decoding=\"async\" width=\"150\" height=\"150\" src=\"https:\/\/amendeuix-oneix.com\/wp-content\/uploads\/2024\/05\/mairie-fermee-150x150.jpg\" class=\"grayscale grayscale-fade wp-post-image\" alt=\"\" \/>        \r\n        <\/div>\r\n         \r\n            \r\n    <h3><a href=\"https:\/\/amendeuix-oneix.com\/eu\/mairie-fermee-pour-conges-5\/\">Mairie ferm\u00e9e pour cong\u00e8s<\/a><\/h3>\r\n    \r\n\t    \r\n\t\t<p class=\"meta tmnf_hide\">\r\n\t\t\t<span class=\"post-date\">18 Abendua 2025<span class=\"divider\">|<\/span><\/span>\r\n\t\t\t<span class=\"categs\"><a href=\"https:\/\/amendeuix-oneix.com\/eu\/category\/acutalites-eu\/\" rel=\"category tag\">Berriak<\/a><\/span>\r\n\t\t<\/p>\r\n\t    \r\n    <p class=\"teaser\">Le secr\u00e9tariat de la Mairie est ferm\u00e9e jusqu\u2019au 18 ao\u00fbt 2024. Pour toutes demandes urgentes, veuillez les adresser par mail \u00e0<span class=\"helip\">...<\/span>   \r\n\t\t<a class=\"read_more\" href=\"https:\/\/amendeuix-oneix.com\/eu\/mairie-fermee-pour-conges-5\/\">Irakurtu <span class=\"read_more_arrow\">&rarr;<\/span> <span class=\"screen-reader-text\">Mairie ferm\u00e9e pour cong\u00e8s<\/span><\/a>\r\n\t<\/p>\r\n\r\n<\/div>\r\n\t\t\t\t\t\t<\/div>\r\n\t\t\t<div class=\"clearfix\"><\/div>\r\n\t\t\r\n\t\t\t\t<\/div>\n\t\t\t\t<\/div>\n\t\t\t\t<div class=\"elementor-element elementor-element-3ac90bb1 elementor-widget elementor-widget-button\" data-id=\"3ac90bb1\" data-element_type=\"widget\" data-widget_type=\"button.default\">\n\t\t\t\t<div class=\"elementor-widget-container\">\n\t\t\t\t\t<div class=\"elementor-button-wrapper\">\n\t\t\t<a href=\"https:\/\/amendeuix-oneix.com\/actualites\/\" class=\"elementor-button-link elementor-button elementor-size-sm\" role=\"button\">\n\t\t\t\t\t\t<span class=\"elementor-button-content-wrapper\">\n\t\t\t\t\t\t\t<span class=\"elementor-button-icon elementor-align-icon-right\">\n\t\t\t\t<i aria-hidden=\"true\" class=\"fas fa-long-arrow-alt-right\"><\/i>\t\t\t<\/span>\n\t\t\t\t\t\t<span class=\"elementor-button-text\">Elementu guztiak<\/span>\n\t\t<\/span>\n\t\t\t\t\t<\/a>\n\t\t<\/div>\n\t\t\t\t<\/div>\n\t\t\t\t<\/div>\n\t\t\t\t\t<\/div>\n\t\t<\/div>\n\t\t\t\t\t\t\t<\/div>\n\t\t<\/section>\n\t\t\t\t<section class=\"elementor-section elementor-top-section elementor-element elementor-element-23fcac97 elementor-section-boxed elementor-section-height-default elementor-section-height-default\" data-id=\"23fcac97\" data-element_type=\"section\" data-settings=\"{&quot;background_background&quot;:&quot;classic&quot;}\">\n\t\t\t\t\t\t<div class=\"elementor-container elementor-column-gap-no\">\n\t\t\t\t\t<div class=\"elementor-column elementor-col-66 elementor-top-column elementor-element elementor-element-15063aac\" data-id=\"15063aac\" data-element_type=\"column\" data-settings=\"{&quot;background_background&quot;:&quot;classic&quot;}\">\n\t\t\t<div class=\"elementor-widget-wrap elementor-element-populated\">\n\t\t\t\t\t\t\t\t<div class=\"elementor-element elementor-element-fdce42e elementor-widget elementor-widget-heading\" data-id=\"fdce42e\" data-element_type=\"widget\" data-widget_type=\"heading.default\">\n\t\t\t\t<div class=\"elementor-widget-container\">\n\t\t\t<h2 class=\"elementor-heading-title elementor-size-xl\">Herriko kontseilua<\/h2>\t\t<\/div>\n\t\t\t\t<\/div>\n\t\t\t\t<div class=\"elementor-element elementor-element-2d39d5af dekoline elementor-widget elementor-widget-heading\" data-id=\"2d39d5af\" data-element_type=\"widget\" data-widget_type=\"heading.default\">\n\t\t\t\t<div class=\"elementor-widget-container\">\n\t\t\t<h3 class=\"elementor-heading-title elementor-size-default\"><a href=\"https:\/\/amendeuix-oneix.com\/deliberations-du-conseil\/\">Deliberazio ofizial guztiak<\/a><\/h3>\t\t<\/div>\n\t\t\t\t<\/div>\n\t\t\t\t\t<\/div>\n\t\t<\/div>\n\t\t\t\t<div class=\"elementor-column elementor-col-33 elementor-top-column elementor-element elementor-element-53cb9c98\" data-id=\"53cb9c98\" data-element_type=\"column\">\n\t\t\t<div class=\"elementor-widget-wrap elementor-element-populated\">\n\t\t\t\t\t\t\t\t<div class=\"elementor-element elementor-element-ad7e60a elementor-widget elementor-widget-heading\" data-id=\"ad7e60a\" data-element_type=\"widget\" data-widget_type=\"heading.default\">\n\t\t\t\t<div class=\"elementor-widget-container\">\n\t\t\t<h2 class=\"elementor-heading-title elementor-size-large\"><a href=\"https:\/\/amendeuix-oneix.com\/deliberations-du-conseil\/\">Txostenak<br> de<br> Udalbatza<\/a><\/h2>\t\t<\/div>\n\t\t\t\t<\/div>\n\t\t\t\t\t<\/div>\n\t\t<\/div>\n\t\t\t\t\t\t\t<\/div>\n\t\t<\/section>\n\t\t\t\t\t\t\t<\/div>\n\t\t","protected":false},"excerpt":{"rendered":"<p>Bizitza ekonomikoa Herriko negozio guztiak. Bizitza komunitarioa Elkarte guztien zerrenda. Udal informazioa Txostenak eta harremanetarako buletinak. Hartu hitzordua Hitzordua eskatu Amend\u00fcze-Unaso udaletxean. Amend\u00fcze-Unaso Gure herriak bere iraganera itzultzen gaituen ondarea du. Ondare ondare honen inbentarioa berriki egin da, ondasun publikoak daude, hala nola elizak, Errotako errepideko Joye gaineko zubia eta jabetza pribatuak: izaera handiko etxeak, &hellip;<\/p>\n","protected":false},"author":1,"featured_media":0,"parent":0,"menu_order":0,"comment_status":"closed","ping_status":"closed","template":"homepage.php","meta":{"_seopress_robots_primary_cat":"","_seopress_titles_title":"Amend\u00fcze-Unaso | Amend\u00fcze-Unaso udalaren webgunea","_seopress_titles_desc":"Ongi etorri Amendeuix Oneix webgunera, gure herri jator eta beroaren isla digitala! Udalerriari buruzko informazio guztia aurkituko duzu.","_seopress_robots_index":"","_monsterinsights_skip_tracking":false,"_monsterinsights_sitenote_active":false,"_monsterinsights_sitenote_note":"","_monsterinsights_sitenote_category":0,"footnotes":""},"_links":{"self":[{"href":"https:\/\/amendeuix-oneix.com\/eu\/wp-json\/wp\/v2\/pages\/8131"}],"collection":[{"href":"https:\/\/amendeuix-oneix.com\/eu\/wp-json\/wp\/v2\/pages"}],"about":[{"href":"https:\/\/amendeuix-oneix.com\/eu\/wp-json\/wp\/v2\/types\/page"}],"author":[{"embeddable":true,"href":"https:\/\/amendeuix-oneix.com\/eu\/wp-json\/wp\/v2\/users\/1"}],"replies":[{"embeddable":true,"href":"https:\/\/amendeuix-oneix.com\/eu\/wp-json\/wp\/v2\/comments?post=8131"}],"version-history":[{"count":33,"href":"https:\/\/amendeuix-oneix.com\/eu\/wp-json\/wp\/v2\/pages\/8131\/revisions"}],"predecessor-version":[{"id":8342,"href":"https:\/\/amendeuix-oneix.com\/eu\/wp-json\/wp\/v2\/pages\/8131\/revisions\/8342"}],"wp:attachment":[{"href":"https:\/\/amendeuix-oneix.com\/eu\/wp-json\/wp\/v2\/media?parent=8131"}],"curies":[{"name":"wp","href":"https:\/\/api.w.org\/{rel}","templated":true}]}}